
{"id":9964,"date":"2022-05-02T11:16:24","date_gmt":"2022-05-02T11:16:24","guid":{"rendered":"https:\/\/oyambresurf.com\/surfcamps-in-kantabrien\/campamento-de-surf-para-jovenes-en-cantabria\/"},"modified":"2026-03-19T12:29:57","modified_gmt":"2026-03-19T12:29:57","slug":"surfcamp-fuer-kinder-jugendliche-in-kantabrien","status":"publish","type":"page","link":"https:\/\/oyambresurf.com\/de\/surfcamps-in-kantabrien\/surfcamp-fuer-kinder-jugendliche-in-kantabrien\/","title":{"rendered":"Surfcamp f\u00fcr Kinder &#038; Jugendliche"},"content":{"rendered":"\n<style type=\"text\/css\" data-created_by=\"avia_inline_auto\" id=\"style-css-av-j8bmpj-0c6fdca6b24ba6f930b85bd18ab3ef3d\">\n.avia-section.av-j8bmpj-0c6fdca6b24ba6f930b85bd18ab3ef3d{\nbackground-repeat:no-repeat;\nbackground-image:url(https:\/\/oyambresurf.com\/wp-content\/uploads\/2022\/03\/oyambre-surf-camp-home-comillas-cantabria.jpg);\nbackground-position:50% 50%;\nbackground-attachment:scroll;\n}\n.avia-section.av-j8bmpj-0c6fdca6b24ba6f930b85bd18ab3ef3d .av-section-color-overlay{\nopacity:0.2;\nbackground-color:#000000;\n}\n<\/style>\n<div id='av_section_1'  class='avia-section av-j8bmpj-0c6fdca6b24ba6f930b85bd18ab3ef3d main_color avia-section-default avia-no-border-styling  avia-builder-el-0  el_before_av_section  avia-builder-el-first  avia-full-stretch avia-bg-style-scroll av-section-color-overlay-active av-minimum-height av-minimum-height-65 av-height-percent  container_wrap fullsize'  data-section-bg-repeat='stretch' data-av_minimum_height_pc='65' data-av_min_height_opt='percent'><div class=\"av-section-color-overlay-wrap\"><div class=\"av-section-color-overlay\"><\/div><div class='container av-section-cont-open' ><main  role=\"main\" itemprop=\"mainContentOfPage\"  class='template-page content  av-content-full alpha units'><div class='post-entry post-entry-type-page post-entry-9964'><div class='entry-content-wrapper clearfix'>\n\n<style type=\"text\/css\" data-created_by=\"avia_inline_auto\" id=\"style-css-av-hpsbp3-ebcedee1e9e794be3567016e5d25c2e1\">\n#top .hr.hr-invisible.av-hpsbp3-ebcedee1e9e794be3567016e5d25c2e1{\nheight:350px;\n}\n<\/style>\n<div  class='hr av-hpsbp3-ebcedee1e9e794be3567016e5d25c2e1 hr-invisible  avia-builder-el-1  el_before_av_heading  avia-builder-el-first '><span class='hr-inner '><span class=\"hr-inner-style\"><\/span><\/span><\/div>\n\n<style type=\"text\/css\" data-created_by=\"avia_inline_auto\" id=\"style-css-av-g4ofcn-b0e44b72efc71bc3e3b8dff7d256d9f1\">\n#top .av-special-heading.av-g4ofcn-b0e44b72efc71bc3e3b8dff7d256d9f1{\npadding-bottom:0;\ncolor:#ffffff;\nfont-size:30px;\n}\nbody .av-special-heading.av-g4ofcn-b0e44b72efc71bc3e3b8dff7d256d9f1 .av-special-heading-tag .heading-char{\nfont-size:25px;\n}\n#top #wrap_all .av-special-heading.av-g4ofcn-b0e44b72efc71bc3e3b8dff7d256d9f1 .av-special-heading-tag{\nfont-size:30px;\n}\n.av-special-heading.av-g4ofcn-b0e44b72efc71bc3e3b8dff7d256d9f1 .special-heading-inner-border{\nborder-color:rgba(0,0,0,0.01);\n}\n.av-special-heading.av-g4ofcn-b0e44b72efc71bc3e3b8dff7d256d9f1 .av-subheading{\nfont-size:15px;\n}\nbody .av-special-heading.av-g4ofcn-b0e44b72efc71bc3e3b8dff7d256d9f1 .av-special-heading-tag .heading-wrap:before{\nborder-color:rgba(0,0,0,0.01);\n}\nbody .av-special-heading.av-g4ofcn-b0e44b72efc71bc3e3b8dff7d256d9f1 .av-special-heading-tag .heading-wrap:after{\nborder-color:rgba(0,0,0,0.01);\n}\n\n@media only screen and (min-width: 480px) and (max-width: 767px){ \n#top #wrap_all .av-special-heading.av-g4ofcn-b0e44b72efc71bc3e3b8dff7d256d9f1 .av-special-heading-tag{\nfont-size:0.8em;\n}\n}\n\n@media only screen and (max-width: 479px){ \n#top #wrap_all .av-special-heading.av-g4ofcn-b0e44b72efc71bc3e3b8dff7d256d9f1 .av-special-heading-tag{\nfont-size:0.8em;\n}\n}\n<\/style>\n<div  class='av-special-heading av-g4ofcn-b0e44b72efc71bc3e3b8dff7d256d9f1 av-special-heading-h2 custom-color-heading blockquote elegant-quote elegant-centered  avia-builder-el-2  el_after_av_hr  avia-builder-el-last  av-thin-font av-inherit-size'><h2 class='av-special-heading-tag '  itemprop=\"headline\"  ><span class=\"heading-wrap\"><strong><span class='special_amp'>&#8222;<\/span>ERLEBE GLAMPING UND VERBINDE DICH MIT DER NATUR BEIM SURFEN IM NATURPARADIES<span class='special_amp'>&#8220;<\/span><\/strong><\/span><\/h2><div class=\"special-heading-border\"><div class=\"special-heading-inner-border\"><\/div><\/div><\/div>\n<\/div><\/div><\/main><!-- close content main element --><\/div><\/div><\/div><div id='av_section_2'  class='avia-section av-ekhqzr-e44dd63483a6f0eca6bd0ec74a3ac2fe main_color avia-section-default avia-no-border-styling  avia-builder-el-3  el_after_av_section  el_before_av_section  avia-bg-style-scroll container_wrap fullsize'  ><div class='container av-section-cont-open' ><div class='template-page content  av-content-full alpha units'><div class='post-entry post-entry-type-page post-entry-9964'><div class='entry-content-wrapper clearfix'>\n<div  class='flex_column av-av_one_fifth-4453fbc7e8da734fe9d5824da1c72891 av_one_fifth  avia-builder-el-4  el_before_av_three_fifth  avia-builder-el-first  first flex_column_div  '     ><\/div><div  class='flex_column av-av_three_fifth-0aea53b2b2b1640975a748149304d755 av_three_fifth  avia-builder-el-5  el_after_av_one_fifth  el_before_av_one_fifth  flex_column_div  '     ><section  class='av_textblock_section av-d5itw7-db942a1f146129275ef4c7cd05f9a405 '   itemscope=\"itemscope\" itemtype=\"https:\/\/schema.org\/CreativeWork\" ><div class='avia_textblock'  itemprop=\"text\" ><p style=\"text-align: center;\">Das Surfcamp ist f\u00fcr Jugendliche aus ganz Europa im Alter von 12 bis 17 Jahren.<br \/>\nEs befindet sich auf dem Campingplatz Oyambre Beach, direkt am Strand in einer unvergleichlichen und sicheren Umgebung.<br \/>\nDas Camp besteht aus luxuri\u00f6sen Glamping-Zelten im Tipi-Stil, die mit Betten und Memory-Foam Matratzen, Kissen und kleinen M\u00f6beln ausgestattet sind und \u00fcber Stromanschluss verf\u00fcgen, damit du dich wie zu Hause f\u00fchlen kannst.<\/p>\n<p><img loading=\"lazy\" decoding=\"async\" class=\"aligncenter size-full wp-image-6716\" src=\"https:\/\/oyambresurf.com\/wp-content\/uploads\/2022\/05\/tienda-campana-azul.png\" alt=\"\" width=\"200\" height=\"200\" \/><\/p>\n<p style=\"text-align: center;\">Wir verf\u00fcgen auch \u00fcber ein gro\u00dfes Zelt oder Versammlungszentrum, H\u00e4ngematten, Tischtennisplatte, Spiele, Fernseher, Musik und vieles mehr.<br \/>\nDie Jugendlichen werden in nach Geschlechtern getrennten Zelten untergebracht, die Platz f\u00fcr 4 bis 5 Personen bieten.<br \/>\nDer Campingplatz verf\u00fcgt \u00fcber Gemeinschaftseinrichtungen wie Toiletten, Warmwasserduschen, Supermarkt, Waschsalon, Bar-Restaurant, Fu\u00dfballplatz, Spielplatz&#8230;<\/p>\n<\/div><\/section><\/div><div  class='flex_column av-av_one_fifth-0aea53b2b2b1640975a748149304d755 av_one_fifth  avia-builder-el-7  el_after_av_three_fifth  avia-builder-el-last  flex_column_div  '     ><\/div><\/div><\/div><\/div><!-- close content main div --><\/div><\/div>\n<style type=\"text\/css\" data-created_by=\"avia_inline_auto\" id=\"style-css-av-14nmiv-dd2e908260ff972e2386ece18d715fe7\">\n.avia-section.av-14nmiv-dd2e908260ff972e2386ece18d715fe7{\nbackground-repeat:no-repeat;\nbackground-image:url(https:\/\/oyambresurf.com\/wp-content\/uploads\/2022\/05\/surf-camp-en-cantabria.jpg);\nbackground-position:50% 50%;\nbackground-attachment:scroll;\n}\n<\/style>\n<div id='av_section_3'  class='avia-section av-14nmiv-dd2e908260ff972e2386ece18d715fe7 main_color avia-section-default avia-no-border-styling  avia-builder-el-8  el_after_av_section  el_before_av_section  avia-full-stretch avia-bg-style-scroll av-minimum-height av-minimum-height-75 av-height-75  container_wrap fullsize'  data-section-bg-repeat='stretch' data-av_minimum_height_pc='75' data-av_min_height_opt='75'><div class='container av-section-cont-open' ><div class='template-page content  av-content-full alpha units'><div class='post-entry post-entry-type-page post-entry-9964'><div class='entry-content-wrapper clearfix'><\/p>\n<\/div><\/div><\/div><!-- close content main div --><\/div><\/div><div id='av_section_4'  class='avia-section av-9umco7-5fc5b7262a6d36e02eb39866a814e8e7 main_color avia-section-default avia-no-border-styling  avia-builder-el-9  el_after_av_section  el_before_av_section  avia-bg-style-scroll container_wrap fullsize'  ><div class='container av-section-cont-open' ><div class='template-page content  av-content-full alpha units'><div class='post-entry post-entry-type-page post-entry-9964'><div class='entry-content-wrapper clearfix'>\n<div  class='flex_column av-av_one_fifth-4453fbc7e8da734fe9d5824da1c72891 av_one_fifth  avia-builder-el-10  el_before_av_three_fifth  avia-builder-el-first  first flex_column_div  '     ><\/div><div  class='flex_column av-av_three_fifth-0aea53b2b2b1640975a748149304d755 av_three_fifth  avia-builder-el-11  el_after_av_one_fifth  el_before_av_one_fifth  flex_column_div  '     ><section  class='av_textblock_section av-p1fbr-f9010f29a32aeaa9d0e4f736f5f363c8 '   itemscope=\"itemscope\" itemtype=\"https:\/\/schema.org\/CreativeWork\" ><div class='avia_textblock'  itemprop=\"text\" ><p><img loading=\"lazy\" decoding=\"async\" class=\"aligncenter size-full wp-image-6716\" src=\"https:\/\/oyambresurf.com\/wp-content\/uploads\/2022\/05\/tabla-surf-azul.png\" alt=\"\" width=\"200\" height=\"200\" \/><\/p>\n<p style=\"text-align: center;\">Das Surfcamp beinhaltet 10 Surfstunden, 2 Stunden Surfen<br \/>\nam Vormittag und 2 Stunden Surfen am Nachmittag.<br \/>\nDie gesamte erforderliche Ausr\u00fcstung: Billabong-Neoprenanzug und Surfbretter der besten Marke sind im Preis mit inbegriffen.<br \/>\nWeitere Infos in der Surfschule.<\/p>\n<p><img loading=\"lazy\" decoding=\"async\" class=\"aligncenter size-full wp-image-6716\" src=\"https:\/\/oyambresurf.com\/wp-content\/uploads\/2022\/05\/comida-azul.png\" alt=\"\" width=\"200\" height=\"200\" \/><\/p>\n<p style=\"text-align: center;\">Wir wissen, wie wichtig die Ern\u00e4hrung f\u00fcr Kinder und Jugendliche ist.<br \/>\nDeshalb sind alle Mahlzeiten zu 100 % gesund und lecker.<br \/>\nDie Speisepl\u00e4ne werden von Ern\u00e4hrungsberatern und Fitnesstrainern f\u00fcr junge Sportler zusammengestellt.<br \/>\nFr\u00fchst\u00fcck, Mittag- und Abendessen werden in unserem Camp oder im Bar-Restaurant des Campingplatzes serviert, wo unser Surfcamp einen reservierten Bereich f\u00fcr sich hat.<br \/>\nDen Jugendlichen stehen zum Mittagessen oder als Snack jederzeit Obst und Wasser zur Verf\u00fcgung.<br \/>\nWir bieten spezielle Men\u00fcs f\u00fcr Vegetarier, Veganer und Allergiker an.<\/p>\n<\/div><\/section><\/div><div  class='flex_column av-av_one_fifth-0aea53b2b2b1640975a748149304d755 av_one_fifth  avia-builder-el-13  el_after_av_three_fifth  avia-builder-el-last  flex_column_div  '     ><\/div><\/div><\/div><\/div><!-- close content main div --><\/div><\/div>\n<style type=\"text\/css\" data-created_by=\"avia_inline_auto\" id=\"style-css-av-83y1tj-b601031423b4ab453567867f40b8c1e6\">\n.avia-section.av-83y1tj-b601031423b4ab453567867f40b8c1e6{\nbackground-color:#efefef;\nbackground-image:unset;\n}\n<\/style>\n<div id='av_section_5'  class='avia-section av-83y1tj-b601031423b4ab453567867f40b8c1e6 main_color avia-section-default avia-no-border-styling  avia-builder-el-14  el_after_av_section  el_before_av_section  avia-bg-style-scroll container_wrap fullsize'  ><div class='container av-section-cont-open' ><div class='template-page content  av-content-full alpha units'><div class='post-entry post-entry-type-page post-entry-9964'><div class='entry-content-wrapper clearfix'>\n<div class='flex_column_table av-4ss53b-618cfc2e855de3484797f8eaa5ba1f61 sc-av_one_half av-equal-height-column-flextable'><div  class='flex_column av-4ss53b-618cfc2e855de3484797f8eaa5ba1f61 av_one_half  avia-builder-el-15  el_before_av_one_half  avia-builder-el-first  first flex_column_table_cell av-equal-height-column av-align-top  '     ><style type=\"text\/css\" data-created_by=\"avia_inline_auto\" id=\"style-css-av-lsairv2j-499353b07f47e20091d969b29d3601a2\">\n#top .av-special-heading.av-lsairv2j-499353b07f47e20091d969b29d3601a2{\npadding-bottom:10px;\ncolor:#1d4850;\n}\nbody .av-special-heading.av-lsairv2j-499353b07f47e20091d969b29d3601a2 .av-special-heading-tag .heading-char{\nfont-size:25px;\n}\n.av-special-heading.av-lsairv2j-499353b07f47e20091d969b29d3601a2 .special-heading-inner-border{\nborder-color:#1d4850;\n}\n.av-special-heading.av-lsairv2j-499353b07f47e20091d969b29d3601a2 .av-subheading{\nfont-size:20px;\n}\n<\/style>\n<div  class='av-special-heading av-lsairv2j-499353b07f47e20091d969b29d3601a2 av-special-heading-h2 custom-color-heading blockquote modern-quote modern-right  avia-builder-el-16  avia-builder-el-no-sibling  av-thin-font'><h2 class='av-special-heading-tag '  itemprop=\"headline\"  >WOCHENPLANUNG <strong>SOMMER 2026<\/strong><\/h2><div class='av_custom_color av-subheading av-subheading_below'><p><b>7 TAGE\/6 N\u00c4CHTE 650 \u20ac | 14 TAGE\/13 N\u00c4CHTE 1.350 \u20ac<\/b><\/p>\n<\/div><div class=\"special-heading-border\"><div class=\"special-heading-inner-border\"><\/div><\/div><\/div><\/div><div class='av-flex-placeholder'><\/div><div  class='flex_column av-2uls0n-a2ca9665b14f727eb168a67db856aaf5 av_one_half  avia-builder-el-17  el_after_av_one_half  avia-builder-el-last  flex_column_table_cell av-equal-height-column av-align-top  '     ><section  class='av_textblock_section av-lsait572-14984fe9bb1ba6930c04232d70c39d74 '   itemscope=\"itemscope\" itemtype=\"https:\/\/schema.org\/CreativeWork\" ><div class='avia_textblock'  itemprop=\"text\" ><p style=\"text-align: left;\"><strong>Woche 1:<\/strong> vom 28. Juni bis 4. Juli<br \/>\n<strong>Woche 2:<\/strong> vom 5. Juli bis 11. Juli<br \/>\n<strong>Woche 3:<\/strong> vom 12. bis 18. Juli<br \/>\n<strong>Woche 4:<\/strong> vom 19. bis 25. Juli<\/p>\n<h3 style=\"text-align: center;\"><\/h3>\n<\/div><\/section><\/div><\/div><!--close column table wrapper. Autoclose: 1 --><\/div><\/div><\/div><!-- close content main div --><\/div><\/div>\n<style type=\"text\/css\" data-created_by=\"avia_inline_auto\" id=\"style-css-av-4jp2ef-559c28d4a8c47b67fdbd8e2b7880415b\">\n.avia-section.av-4jp2ef-559c28d4a8c47b67fdbd8e2b7880415b{\nbackground-repeat:no-repeat;\nbackground-image:url(https:\/\/oyambresurf.com\/wp-content\/uploads\/2022\/04\/surf-house-cantabria.jpg);\nbackground-position:50% 0%;\nbackground-attachment:scroll;\n}\n.avia-section.av-4jp2ef-559c28d4a8c47b67fdbd8e2b7880415b .av-section-color-overlay{\nopacity:0.5;\nbackground-color:#000000;\n}\n<\/style>\n<div id='av_section_6'  class='avia-section av-4jp2ef-559c28d4a8c47b67fdbd8e2b7880415b main_color avia-section-default avia-no-border-styling  avia-builder-el-19  el_after_av_section  avia-builder-el-last  avia-full-stretch avia-bg-style-scroll av-section-color-overlay-active av-minimum-height av-minimum-height-75 av-height-75  container_wrap fullsize'  data-section-bg-repeat='stretch' data-av_minimum_height_pc='75' data-av_min_height_opt='75'><div class=\"av-section-color-overlay-wrap\"><div class=\"av-section-color-overlay\"><\/div><div class='container av-section-cont-open' ><div class='template-page content  av-content-full alpha units'><div class='post-entry post-entry-type-page post-entry-9964'><div class='entry-content-wrapper clearfix'>\n\n<style type=\"text\/css\" data-created_by=\"avia_inline_auto\" id=\"style-css-av-2bm9jb-83ddb479ea20b1b2f6c4ebce887d960c\">\n#top .av_textblock_section.av-2bm9jb-83ddb479ea20b1b2f6c4ebce887d960c .avia_textblock{\ncolor:#ffffff;\n}\n<\/style>\n<section  class='av_textblock_section av-2bm9jb-83ddb479ea20b1b2f6c4ebce887d960c '   itemscope=\"itemscope\" itemtype=\"https:\/\/schema.org\/CreativeWork\" ><div class='avia_textblock av_inherit_color'  itemprop=\"text\" ><p><img loading=\"lazy\" decoding=\"async\" class=\"aligncenter size-full wp-image-6716\" src=\"https:\/\/oyambresurf.com\/wp-content\/uploads\/2022\/05\/todos-blanco.png\" alt=\"\" width=\"200\" height=\"200\" \/><\/p>\n<p style=\"text-align: center;\">Das Camp umfasst auch andere Aktivit\u00e4ten wie Skate\/Longskate, Strandfu\u00dfball, Beachvolleyball, Slackline, Tischtennis, Ausfl\u00fcge usw.<\/p>\n<p><img loading=\"lazy\" decoding=\"async\" class=\"aligncenter size-full wp-image-6716\" src=\"https:\/\/oyambresurf.com\/wp-content\/uploads\/2022\/05\/dos-indiv-blancos.png\" alt=\"\" width=\"200\" height=\"200\" \/><\/p>\n<p style=\"text-align: center;\">Die Jugendlichen werden rund um die Uhr von Freizeitbetreuern begleitet.<br \/>\nSie m\u00fcssen lediglich einen Schlafsack und Handt\u00fccher mitbringen.<br \/>\nDie Jugendlichen haben Zugang zu allen Einrichtungen des Campingplatzes.<br \/>\nDie Jugendlichen sind unfall- und haftpflichtversichert.<br \/>\nTransferservice. Bitte erkundige dich bei uns:<\/p>\n<p><img loading=\"lazy\" decoding=\"async\" class=\"aligncenter size-full wp-image-6716\" src=\"https:\/\/oyambresurf.com\/wp-content\/uploads\/2022\/05\/furgoneta-blanca-1.png\" alt=\"\" width=\"200\" height=\"200\" \/><\/p>\n<h2 style=\"text-align: center;\">TRANSFER<\/h2>\n<p style=\"text-align: center;\">Transfer von Comillas: 12 \u20ac \/ Strecke<br \/>\nTransfer von San Vicente de la Barquera: 18 \u20ac \/ Strecke<br \/>\nTransfer von Cabez\u00f3n de la Sal: 35 \u20ac \/ Strecke<br \/>\nTransfer von Torrelavega: 70 \u20ac \/ Strecke<br \/>\nTransfer vom Flughafen Santander: 120 \u20ac \/ Strecke<br \/>\nTransfer vom Flughafen Bilbao: 240 \u20ac \/ Strecke<\/p>\n<\/div><\/section>\n<\/p>\n","protected":false},"excerpt":{"rendered":"","protected":false},"author":1,"featured_media":0,"parent":9953,"menu_order":0,"comment_status":"closed","ping_status":"closed","template":"","meta":{"_monsterinsights_skip_tracking":false,"_monsterinsights_sitenote_active":false,"_monsterinsights_sitenote_note":"","_monsterinsights_sitenote_category":0,"footnotes":""},"class_list":["post-9964","page","type-page","status-publish","hentry"],"yoast_head":"<!-- This site is optimized with the Yoast SEO plugin v27.2 - https:\/\/yoast.com\/product\/yoast-seo-wordpress\/ -->\n<title>Surfcamp f\u00fcr Kinder &amp; Jugendliche - Oyambre Surf House<\/title>\n<meta name=\"robots\" content=\"index, follow, max-snippet:-1, max-image-preview:large, max-video-preview:-1\" \/>\n<link rel=\"canonical\" href=\"https:\/\/oyambresurf.com\/de\/surfcamps-in-kantabrien\/surfcamp-fuer-kinder-jugendliche-in-kantabrien\/\" \/>\n<meta property=\"og:locale\" content=\"de_DE\" \/>\n<meta property=\"og:type\" content=\"article\" \/>\n<meta property=\"og:title\" content=\"Surfcamp f\u00fcr Kinder &amp; Jugendliche - Oyambre Surf House\" \/>\n<meta property=\"og:url\" content=\"https:\/\/oyambresurf.com\/de\/surfcamps-in-kantabrien\/surfcamp-fuer-kinder-jugendliche-in-kantabrien\/\" \/>\n<meta property=\"og:site_name\" content=\"Oyambre Surf House\" \/>\n<meta property=\"article:publisher\" content=\"https:\/\/www.facebook.com\/pages\/Oyambre-Surf\/368855046467219\" \/>\n<meta property=\"article:modified_time\" content=\"2026-03-19T12:29:57+00:00\" \/>\n<meta name=\"twitter:card\" content=\"summary_large_image\" \/>\n<meta name=\"twitter:site\" content=\"@oyambresurf\" \/>\n<meta name=\"twitter:label1\" content=\"Gesch\u00e4tzte Lesezeit\" \/>\n\t<meta name=\"twitter:data1\" content=\"4\u00a0Minuten\" \/>\n<script type=\"application\/ld+json\" class=\"yoast-schema-graph\">{\"@context\":\"https:\/\/schema.org\",\"@graph\":[{\"@type\":\"WebPage\",\"@id\":\"https:\/\/oyambresurf.com\/de\/surfcamps-in-kantabrien\/surfcamp-fuer-kinder-jugendliche-in-kantabrien\/\",\"url\":\"https:\/\/oyambresurf.com\/de\/surfcamps-in-kantabrien\/surfcamp-fuer-kinder-jugendliche-in-kantabrien\/\",\"name\":\"Surfcamp f\u00fcr Kinder & Jugendliche - Oyambre Surf House\",\"isPartOf\":{\"@id\":\"https:\/\/oyambresurf.com\/en\/#website\"},\"primaryImageOfPage\":{\"@id\":\"https:\/\/oyambresurf.com\/de\/surfcamps-in-kantabrien\/surfcamp-fuer-kinder-jugendliche-in-kantabrien\/#primaryimage\"},\"image\":{\"@id\":\"https:\/\/oyambresurf.com\/de\/surfcamps-in-kantabrien\/surfcamp-fuer-kinder-jugendliche-in-kantabrien\/#primaryimage\"},\"thumbnailUrl\":\"https:\/\/oyambresurf.com\/wp-content\/uploads\/2022\/05\/tienda-campana-azul.png\",\"datePublished\":\"2022-05-02T11:16:24+00:00\",\"dateModified\":\"2026-03-19T12:29:57+00:00\",\"breadcrumb\":{\"@id\":\"https:\/\/oyambresurf.com\/de\/surfcamps-in-kantabrien\/surfcamp-fuer-kinder-jugendliche-in-kantabrien\/#breadcrumb\"},\"inLanguage\":\"de\",\"potentialAction\":[{\"@type\":\"ReadAction\",\"target\":[\"https:\/\/oyambresurf.com\/de\/surfcamps-in-kantabrien\/surfcamp-fuer-kinder-jugendliche-in-kantabrien\/\"]}]},{\"@type\":\"ImageObject\",\"inLanguage\":\"de\",\"@id\":\"https:\/\/oyambresurf.com\/de\/surfcamps-in-kantabrien\/surfcamp-fuer-kinder-jugendliche-in-kantabrien\/#primaryimage\",\"url\":\"https:\/\/oyambresurf.com\/wp-content\/uploads\/2022\/05\/tienda-campana-azul.png\",\"contentUrl\":\"https:\/\/oyambresurf.com\/wp-content\/uploads\/2022\/05\/tienda-campana-azul.png\"},{\"@type\":\"BreadcrumbList\",\"@id\":\"https:\/\/oyambresurf.com\/de\/surfcamps-in-kantabrien\/surfcamp-fuer-kinder-jugendliche-in-kantabrien\/#breadcrumb\",\"itemListElement\":[{\"@type\":\"ListItem\",\"position\":1,\"name\":\"Portada\",\"item\":\"https:\/\/oyambresurf.com\/de\/surfen-in-kantabrien\/\"},{\"@type\":\"ListItem\",\"position\":2,\"name\":\"SURF CAMP\",\"item\":\"https:\/\/oyambresurf.com\/de\/surfcamps-in-kantabrien\/\"},{\"@type\":\"ListItem\",\"position\":3,\"name\":\"Surfcamp f\u00fcr Kinder &#038; Jugendliche\"}]},{\"@type\":\"WebSite\",\"@id\":\"https:\/\/oyambresurf.com\/en\/#website\",\"url\":\"https:\/\/oyambresurf.com\/en\/\",\"name\":\"Oyambre Surf House\",\"description\":\"Escuela de Surf en Cantabria\",\"publisher\":{\"@id\":\"https:\/\/oyambresurf.com\/en\/#organization\"},\"potentialAction\":[{\"@type\":\"SearchAction\",\"target\":{\"@type\":\"EntryPoint\",\"urlTemplate\":\"https:\/\/oyambresurf.com\/en\/?s={search_term_string}\"},\"query-input\":{\"@type\":\"PropertyValueSpecification\",\"valueRequired\":true,\"valueName\":\"search_term_string\"}}],\"inLanguage\":\"de\"},{\"@type\":\"Organization\",\"@id\":\"https:\/\/oyambresurf.com\/en\/#organization\",\"name\":\"Oyambre Surf\",\"url\":\"https:\/\/oyambresurf.com\/en\/\",\"logo\":{\"@type\":\"ImageObject\",\"inLanguage\":\"de\",\"@id\":\"https:\/\/oyambresurf.com\/en\/#\/schema\/logo\/image\/\",\"url\":\"https:\/\/oyambresurf.com\/wp-content\/uploads\/2018\/05\/logotipo-oyambre-surf.png\",\"contentUrl\":\"https:\/\/oyambresurf.com\/wp-content\/uploads\/2018\/05\/logotipo-oyambre-surf.png\",\"width\":452,\"height\":183,\"caption\":\"Oyambre Surf\"},\"image\":{\"@id\":\"https:\/\/oyambresurf.com\/en\/#\/schema\/logo\/image\/\"},\"sameAs\":[\"https:\/\/www.facebook.com\/pages\/Oyambre-Surf\/368855046467219\",\"https:\/\/x.com\/oyambresurf\",\"https:\/\/www.instagram.com\/oyambresurf\/\",\"https:\/\/www.youtube.com\/user\/oyambresurf\"]}]}<\/script>\n<!-- \/ Yoast SEO plugin. -->","yoast_head_json":{"title":"Surfcamp f\u00fcr Kinder & Jugendliche - Oyambre Surf House","robots":{"index":"index","follow":"follow","max-snippet":"max-snippet:-1","max-image-preview":"max-image-preview:large","max-video-preview":"max-video-preview:-1"},"canonical":"https:\/\/oyambresurf.com\/de\/surfcamps-in-kantabrien\/surfcamp-fuer-kinder-jugendliche-in-kantabrien\/","og_locale":"de_DE","og_type":"article","og_title":"Surfcamp f\u00fcr Kinder & Jugendliche - Oyambre Surf House","og_url":"https:\/\/oyambresurf.com\/de\/surfcamps-in-kantabrien\/surfcamp-fuer-kinder-jugendliche-in-kantabrien\/","og_site_name":"Oyambre Surf House","article_publisher":"https:\/\/www.facebook.com\/pages\/Oyambre-Surf\/368855046467219","article_modified_time":"2026-03-19T12:29:57+00:00","twitter_card":"summary_large_image","twitter_site":"@oyambresurf","twitter_misc":{"Gesch\u00e4tzte Lesezeit":"4\u00a0Minuten"},"schema":{"@context":"https:\/\/schema.org","@graph":[{"@type":"WebPage","@id":"https:\/\/oyambresurf.com\/de\/surfcamps-in-kantabrien\/surfcamp-fuer-kinder-jugendliche-in-kantabrien\/","url":"https:\/\/oyambresurf.com\/de\/surfcamps-in-kantabrien\/surfcamp-fuer-kinder-jugendliche-in-kantabrien\/","name":"Surfcamp f\u00fcr Kinder & Jugendliche - Oyambre Surf House","isPartOf":{"@id":"https:\/\/oyambresurf.com\/en\/#website"},"primaryImageOfPage":{"@id":"https:\/\/oyambresurf.com\/de\/surfcamps-in-kantabrien\/surfcamp-fuer-kinder-jugendliche-in-kantabrien\/#primaryimage"},"image":{"@id":"https:\/\/oyambresurf.com\/de\/surfcamps-in-kantabrien\/surfcamp-fuer-kinder-jugendliche-in-kantabrien\/#primaryimage"},"thumbnailUrl":"https:\/\/oyambresurf.com\/wp-content\/uploads\/2022\/05\/tienda-campana-azul.png","datePublished":"2022-05-02T11:16:24+00:00","dateModified":"2026-03-19T12:29:57+00:00","breadcrumb":{"@id":"https:\/\/oyambresurf.com\/de\/surfcamps-in-kantabrien\/surfcamp-fuer-kinder-jugendliche-in-kantabrien\/#breadcrumb"},"inLanguage":"de","potentialAction":[{"@type":"ReadAction","target":["https:\/\/oyambresurf.com\/de\/surfcamps-in-kantabrien\/surfcamp-fuer-kinder-jugendliche-in-kantabrien\/"]}]},{"@type":"ImageObject","inLanguage":"de","@id":"https:\/\/oyambresurf.com\/de\/surfcamps-in-kantabrien\/surfcamp-fuer-kinder-jugendliche-in-kantabrien\/#primaryimage","url":"https:\/\/oyambresurf.com\/wp-content\/uploads\/2022\/05\/tienda-campana-azul.png","contentUrl":"https:\/\/oyambresurf.com\/wp-content\/uploads\/2022\/05\/tienda-campana-azul.png"},{"@type":"BreadcrumbList","@id":"https:\/\/oyambresurf.com\/de\/surfcamps-in-kantabrien\/surfcamp-fuer-kinder-jugendliche-in-kantabrien\/#breadcrumb","itemListElement":[{"@type":"ListItem","position":1,"name":"Portada","item":"https:\/\/oyambresurf.com\/de\/surfen-in-kantabrien\/"},{"@type":"ListItem","position":2,"name":"SURF CAMP","item":"https:\/\/oyambresurf.com\/de\/surfcamps-in-kantabrien\/"},{"@type":"ListItem","position":3,"name":"Surfcamp f\u00fcr Kinder &#038; Jugendliche"}]},{"@type":"WebSite","@id":"https:\/\/oyambresurf.com\/en\/#website","url":"https:\/\/oyambresurf.com\/en\/","name":"Oyambre Surf House","description":"Escuela de Surf en Cantabria","publisher":{"@id":"https:\/\/oyambresurf.com\/en\/#organization"},"potentialAction":[{"@type":"SearchAction","target":{"@type":"EntryPoint","urlTemplate":"https:\/\/oyambresurf.com\/en\/?s={search_term_string}"},"query-input":{"@type":"PropertyValueSpecification","valueRequired":true,"valueName":"search_term_string"}}],"inLanguage":"de"},{"@type":"Organization","@id":"https:\/\/oyambresurf.com\/en\/#organization","name":"Oyambre Surf","url":"https:\/\/oyambresurf.com\/en\/","logo":{"@type":"ImageObject","inLanguage":"de","@id":"https:\/\/oyambresurf.com\/en\/#\/schema\/logo\/image\/","url":"https:\/\/oyambresurf.com\/wp-content\/uploads\/2018\/05\/logotipo-oyambre-surf.png","contentUrl":"https:\/\/oyambresurf.com\/wp-content\/uploads\/2018\/05\/logotipo-oyambre-surf.png","width":452,"height":183,"caption":"Oyambre Surf"},"image":{"@id":"https:\/\/oyambresurf.com\/en\/#\/schema\/logo\/image\/"},"sameAs":["https:\/\/www.facebook.com\/pages\/Oyambre-Surf\/368855046467219","https:\/\/x.com\/oyambresurf","https:\/\/www.instagram.com\/oyambresurf\/","https:\/\/www.youtube.com\/user\/oyambresurf"]}]}},"_links":{"self":[{"href":"https:\/\/oyambresurf.com\/de\/wp-json\/wp\/v2\/pages\/9964","targetHints":{"allow":["GET"]}}],"collection":[{"href":"https:\/\/oyambresurf.com\/de\/wp-json\/wp\/v2\/pages"}],"about":[{"href":"https:\/\/oyambresurf.com\/de\/wp-json\/wp\/v2\/types\/page"}],"author":[{"embeddable":true,"href":"https:\/\/oyambresurf.com\/de\/wp-json\/wp\/v2\/users\/1"}],"replies":[{"embeddable":true,"href":"https:\/\/oyambresurf.com\/de\/wp-json\/wp\/v2\/comments?post=9964"}],"version-history":[{"count":3,"href":"https:\/\/oyambresurf.com\/de\/wp-json\/wp\/v2\/pages\/9964\/revisions"}],"predecessor-version":[{"id":9966,"href":"https:\/\/oyambresurf.com\/de\/wp-json\/wp\/v2\/pages\/9964\/revisions\/9966"}],"up":[{"embeddable":true,"href":"https:\/\/oyambresurf.com\/de\/wp-json\/wp\/v2\/pages\/9953"}],"wp:attachment":[{"href":"https:\/\/oyambresurf.com\/de\/wp-json\/wp\/v2\/media?parent=9964"}],"curies":[{"name":"wp","href":"https:\/\/api.w.org\/{rel}","templated":true}]}}